{"id":29,"date":"2021-06-29T08:06:16","date_gmt":"2021-06-29T08:06:16","guid":{"rendered":"https:\/\/servigestbarberan.es\/?page_id=29"},"modified":"2026-08-14T06:54:02","modified_gmt":"2026-08-14T06:54:02","slug":"contactar","status":"publish","type":"page","link":"https:\/\/servigestbarberan.es\/cat\/contactar\/","title":{"rendered":"Contactar"},"content":{"rendered":"\t\t<div data-elementor-type=\"wp-page\" data-elementor-id=\"29\" class=\"elementor elementor-29\" data-elementor-post-type=\"page\">\n\t\t\t\t<div class=\"elementor-element elementor-element-6cdce39 e-con-boxed e-flex e-con e-parent\" data-id=\"6cdce39\" data-element_type=\"container\" data-e-type=\"container\">\n\t\t\t\t\t<div class=\"e-con-inner\">\n\t\t\t\t<div class=\"elementor-element elementor-element-9b3123a elementor-widget elementor-widget-heading\" data-id=\"9b3123a\" data-element_type=\"widget\" data-e-type=\"widget\" data-widget_type=\"heading.default\">\n\t\t\t\t<div class=\"elementor-widget-container\">\n\t\t\t\t\t<h2 class=\"elementor-heading-title elementor-size-default\">Escriu-nos<\/h2>\t\t\t\t<\/div>\n\t\t\t\t<\/div>\n\t\t\t\t<div class=\"elementor-element elementor-element-d75b1e7 elementor-widget elementor-widget-shortcode\" data-id=\"d75b1e7\" data-element_type=\"widget\" data-e-type=\"widget\" data-widget_type=\"shortcode.default\">\n\t\t\t\t<div class=\"elementor-widget-container\">\n\t\t\t\t\t\t\t<div class=\"elementor-shortcode\">\n<div class=\"wpcf7 no-js\" id=\"wpcf7-f1029-o1\" lang=\"es-ES\" dir=\"ltr\" data-wpcf7-id=\"1029\">\n<div class=\"screen-reader-response\"><p role=\"status\" aria-live=\"polite\" aria-atomic=\"true\"><\/p> <ul><\/ul><\/div>\n<form action=\"\/cat\/wp-json\/wp\/v2\/pages\/29#wpcf7-f1029-o1\" method=\"post\" class=\"wpcf7-form init\" aria-label=\"Formulario de contacto\" novalidate=\"novalidate\" data-status=\"init\">\n<fieldset class=\"hidden-fields-container\"><input type=\"hidden\" name=\"_wpcf7\" value=\"1029\" \/><input type=\"hidden\" name=\"_wpcf7_version\" value=\"6.1.6\" \/><input type=\"hidden\" name=\"_wpcf7_locale\" value=\"es_ES\" \/><input type=\"hidden\" name=\"_wpcf7_unit_tag\" value=\"wpcf7-f1029-o1\" \/><input type=\"hidden\" name=\"_wpcf7_container_post\" value=\"0\" \/><input type=\"hidden\" name=\"_wpcf7_posted_data_hash\" value=\"\" \/>\n<\/fieldset>\n<p><span class=\"wpcf7-form-control-wrap\" data-name=\"nombre\"><input size=\"40\" maxlength=\"400\" class=\"wpcf7-form-control wpcf7-text wpcf7-validates-as-required\" aria-required=\"true\" aria-invalid=\"false\" placeholder=\"Nom i cognoms\" value=\"\" type=\"text\" name=\"nombre\" \/><\/span>\n<\/p>\n<p><span class=\"wpcf7-form-control-wrap\" data-name=\"correo\"><input size=\"40\" maxlength=\"400\" class=\"wpcf7-form-control wpcf7-email wpcf7-validates-as-required wpcf7-text wpcf7-validates-as-email\" aria-required=\"true\" aria-invalid=\"false\" placeholder=\"Correu electr\u00f2nic\" value=\"\" type=\"email\" name=\"correo\" \/><\/span>\n<\/p>\n<p><span class=\"wpcf7-form-control-wrap\" data-name=\"telefono\"><input size=\"40\" maxlength=\"400\" class=\"wpcf7-form-control wpcf7-tel wpcf7-text wpcf7-validates-as-tel\" aria-invalid=\"false\" placeholder=\"Tel\u00e8fon\" value=\"\" type=\"tel\" name=\"telefono\" \/><\/span>\n<\/p>\n<p><span class=\"wpcf7-form-control-wrap\" data-name=\"delegacion\"><select class=\"wpcf7-form-control wpcf7-select wpcf7-validates-as-required\" aria-required=\"true\" aria-invalid=\"false\" name=\"delegacion\"><option value=\"Puigcerd\u00e0\">Puigcerd\u00e0<\/option><option value=\"La Seu d&#039;Urgell\">La Seu d&#039;Urgell<\/option><option value=\"Badalona\">Badalona<\/option><\/select><\/span>\n<\/p>\n<p><span class=\"wpcf7-form-control-wrap\" data-name=\"servicio\"><select class=\"wpcf7-form-control wpcf7-select\" aria-invalid=\"false\" name=\"servicio\"><option value=\"Servei d&#039;inter\u00e8s\">Servei d&#039;inter\u00e8s<\/option><option value=\"Fiscal \/ Comptable\">Fiscal \/ Comptable<\/option><option value=\"Laboral\">Laboral<\/option><option value=\"Transfronterer\">Transfronterer<\/option><option value=\"Jur\u00eddic\">Jur\u00eddic<\/option><option value=\"Consultoria\">Consultoria<\/option><option value=\"Administratiu\">Administratiu<\/option><option value=\"Estrangeria\">Estrangeria<\/option><\/select><\/span>\n<\/p>\n<p><span class=\"wpcf7-form-control-wrap\" data-name=\"mensaje\"><textarea cols=\"40\" rows=\"10\" maxlength=\"2000\" class=\"wpcf7-form-control wpcf7-textarea\" aria-invalid=\"false\" placeholder=\"En qu\u00e8 et podem ajudar?\" name=\"mensaje\"><\/textarea><\/span>\n<\/p>\n<p class=\"cf7-rgpd\"><span class=\"wpcf7-form-control-wrap\" data-name=\"acepto\"><span class=\"wpcf7-form-control wpcf7-acceptance\"><span class=\"wpcf7-list-item\"><label><input type=\"checkbox\" name=\"acepto\" value=\"1\" aria-invalid=\"false\" \/><span class=\"wpcf7-list-item-label\">He llegit i accepto la pol\u00edtica de privadesa.<\/span><\/label><\/span><\/span><\/span>\n<\/p>\n<p><input class=\"wpcf7-form-control wpcf7-submit has-spinner\" type=\"submit\" value=\"Enviar\" \/>\n<\/p><div class=\"wpcf7-response-output\" aria-hidden=\"true\"><\/div>\n<\/form>\n<\/div>\n<\/div>\n\t\t\t\t\t\t<\/div>\n\t\t\t\t<\/div>\n\t\t\t\t\t<\/div>\n\t\t\t\t<\/div>\n\t\t<div class=\"elementor-element elementor-element-543a5be e-flex e-con-boxed e-con e-parent\" data-id=\"543a5be\" data-element_type=\"container\" data-e-type=\"container\" id=\"arriba\" data-settings=\"{&quot;background_background&quot;:&quot;classic&quot;}\">\n\t\t\t\t\t<div class=\"e-con-inner\">\n\t\t\t\t<div class=\"elementor-element elementor-element-a1d9075 elementor-widget elementor-widget-heading\" data-id=\"a1d9075\" data-element_type=\"widget\" data-e-type=\"widget\" data-widget_type=\"heading.default\">\n\t\t\t\t<div class=\"elementor-widget-container\">\n\t\t\t\t\t<h1 class=\"elementor-heading-title elementor-size-default\">Contactar<\/h1>\t\t\t\t<\/div>\n\t\t\t\t<\/div>\n\t\t\t\t\t<\/div>\n\t\t\t\t<\/div>\n\t\t<div class=\"elementor-element elementor-element-bf7b9e8 e-flex e-con-boxed e-con e-parent\" data-id=\"bf7b9e8\" data-element_type=\"container\" data-e-type=\"container\">\n\t\t\t\t\t<div class=\"e-con-inner\">\n\t\t<div class=\"elementor-element elementor-element-dc6bb16 e-con-full e-flex e-con e-child\" data-id=\"dc6bb16\" data-element_type=\"container\" data-e-type=\"container\">\n\t\t<div class=\"elementor-element elementor-element-5891372 e-con-full e-flex e-con e-child\" data-id=\"5891372\" data-element_type=\"container\" data-e-type=\"container\">\n\t\t\t\t<div class=\"elementor-element elementor-element-7af14b9 elementor-widget elementor-widget-google_maps\" data-id=\"7af14b9\" data-element_type=\"widget\" data-e-type=\"widget\" data-widget_type=\"google_maps.default\">\n\t\t\t\t<div class=\"elementor-widget-container\">\n\t\t\t\t\t\t\t<div class=\"elementor-custom-embed\">\n\t\t\t<iframe loading=\"lazy\"\n\t\t\t\t\tsrc=\"https:\/\/maps.google.com\/maps?q=PLACETA%20DELS%20BOMBERS%2C%2013%20A-B%2017520%20PUIGCERDA%2C%20GIRONA.&#038;t=m&#038;z=15&#038;output=embed&#038;iwloc=near\"\n\t\t\t\t\ttitle=\"PLACETA DELS BOMBERS, 13 A-B 17520 PUIGCERDA, GIRONA.\"\n\t\t\t\t\taria-label=\"PLACETA DELS BOMBERS, 13 A-B 17520 PUIGCERDA, GIRONA.\"\n\t\t\t><\/iframe>\n\t\t<\/div>\n\t\t\t\t\t\t<\/div>\n\t\t\t\t<\/div>\n\t\t\t\t<div class=\"elementor-element elementor-element-7d3b0d8 elementor-widget__width-auto elementor-widget elementor-widget-icon-box\" data-id=\"7d3b0d8\" data-element_type=\"widget\" data-e-type=\"widget\" data-widget_type=\"icon-box.default\">\n\t\t\t\t<div class=\"elementor-widget-container\">\n\t\t\t\t\t\t\t<div class=\"elementor-icon-box-wrapper\">\n\n\t\t\t\n\t\t\t\t\t\t<div class=\"elementor-icon-box-content\">\n\n\t\t\t\t\t\t\t\t\t<h3 class=\"elementor-icon-box-title\">\n\t\t\t\t\t\t<span  >\n\t\t\t\t\t\t\tDelegaci\u00f3 Puigcerd\u00e0\t\t\t\t\t\t<\/span>\n\t\t\t\t\t<\/h3>\n\t\t\t\t\n\t\t\t\t\t\t\t\t\t<p class=\"elementor-icon-box-description\">\n\t\t\t\t\t\tPLACETA DELS BOMBERS, 13 A-B\n<br>\n17520 PUIGCERDA, GIRONA.\n<br><br><hr><br>\n<a href=\"mailto:puigcerda@servigestbarberan.es\">puigcerda@servigestbarberan.es<\/a>\n<br>\nTel. <a href=\"tel:+34972283109\">972 28 3109<\/a>\t\t\t\t\t<\/p>\n\t\t\t\t\n\t\t\t<\/div>\n\t\t\t\n\t\t<\/div>\n\t\t\t\t\t\t<\/div>\n\t\t\t\t<\/div>\n\t\t\t\t<\/div>\n\t\t<div class=\"elementor-element elementor-element-58bbeb3 e-con-full e-flex e-con e-child\" data-id=\"58bbeb3\" data-element_type=\"container\" data-e-type=\"container\">\n\t\t\t\t<div class=\"elementor-element elementor-element-849b0d5 elementor-widget elementor-widget-google_maps\" data-id=\"849b0d5\" data-element_type=\"widget\" data-e-type=\"widget\" data-widget_type=\"google_maps.default\">\n\t\t\t\t<div class=\"elementor-widget-container\">\n\t\t\t\t\t\t\t<div class=\"elementor-custom-embed\">\n\t\t\t<iframe loading=\"lazy\"\n\t\t\t\t\tsrc=\"https:\/\/maps.google.com\/maps?q=C%2F%20ROGER%20DE%20FLOR%20152%2C%20BX%20%2008911%20BADALONA%2C%20BARCELONA&#038;t=m&#038;z=13&#038;output=embed&#038;iwloc=near\"\n\t\t\t\t\ttitle=\"C\/ ROGER DE FLOR 152, BX  08911 BADALONA, BARCELONA\"\n\t\t\t\t\taria-label=\"C\/ ROGER DE FLOR 152, BX  08911 BADALONA, BARCELONA\"\n\t\t\t><\/iframe>\n\t\t<\/div>\n\t\t\t\t\t\t<\/div>\n\t\t\t\t<\/div>\n\t\t\t\t<div class=\"elementor-element elementor-element-adb548f elementor-widget__width-auto elementor-widget elementor-widget-icon-box\" data-id=\"adb548f\" data-element_type=\"widget\" data-e-type=\"widget\" data-widget_type=\"icon-box.default\">\n\t\t\t\t<div class=\"elementor-widget-container\">\n\t\t\t\t\t\t\t<div class=\"elementor-icon-box-wrapper\">\n\n\t\t\t\n\t\t\t\t\t\t<div class=\"elementor-icon-box-content\">\n\n\t\t\t\t\t\t\t\t\t<h3 class=\"elementor-icon-box-title\">\n\t\t\t\t\t\t<span  >\n\t\t\t\t\t\t\tDelegaci\u00f3 Badalona\t\t\t\t\t\t<\/span>\n\t\t\t\t\t<\/h3>\n\t\t\t\t\n\t\t\t\t\t\t\t\t\t<p class=\"elementor-icon-box-description\">\n\t\t\t\t\t\tC\/ ROGER DE FLOR 152, BX\n<br>\n08911 BADALONA, BARCELONA\n<br><br><hr><br>\n<a href=\"mailto:badalona@servigestbarberan.es\">badalona@servigestbarberan.es<\/a>\n<br>\nTel. <a href=\"tel:+34933874790\">933 874 790<\/a>\t\t\t\t\t<\/p>\n\t\t\t\t\n\t\t\t<\/div>\n\t\t\t\n\t\t<\/div>\n\t\t\t\t\t\t<\/div>\n\t\t\t\t<\/div>\n\t\t\t\t<\/div>\n\t\t<div class=\"elementor-element elementor-element-427e308 e-con-full e-flex e-con e-child\" data-id=\"427e308\" data-element_type=\"container\" data-e-type=\"container\">\n\t\t\t\t<div class=\"elementor-element elementor-element-37444a0 elementor-widget elementor-widget-google_maps\" data-id=\"37444a0\" data-element_type=\"widget\" data-e-type=\"widget\" data-widget_type=\"google_maps.default\">\n\t\t\t\t<div class=\"elementor-widget-container\">\n\t\t\t\t\t\t\t<div class=\"elementor-custom-embed\">\n\t\t\t<iframe loading=\"lazy\"\n\t\t\t\t\tsrc=\"https:\/\/maps.google.com\/maps?q=Carrer%20Estudis%2C%201.%20%2025700%20La%20Seu%20d%27Urgell&#038;t=m&#038;z=14&#038;output=embed&#038;iwloc=near\"\n\t\t\t\t\ttitle=\"Carrer Estudis, 1.  25700 La Seu d&#039;Urgell\"\n\t\t\t\t\taria-label=\"Carrer Estudis, 1.  25700 La Seu d&#039;Urgell\"\n\t\t\t><\/iframe>\n\t\t<\/div>\n\t\t\t\t\t\t<\/div>\n\t\t\t\t<\/div>\n\t\t\t\t<div class=\"elementor-element elementor-element-4d7a8c9 elementor-widget__width-auto elementor-widget elementor-widget-icon-box\" data-id=\"4d7a8c9\" data-element_type=\"widget\" data-e-type=\"widget\" data-widget_type=\"icon-box.default\">\n\t\t\t\t<div class=\"elementor-widget-container\">\n\t\t\t\t\t\t\t<div class=\"elementor-icon-box-wrapper\">\n\n\t\t\t\n\t\t\t\t\t\t<div class=\"elementor-icon-box-content\">\n\n\t\t\t\t\t\t\t\t\t<h3 class=\"elementor-icon-box-title\">\n\t\t\t\t\t\t<span  >\n\t\t\t\t\t\t\tDelegaci\u00f3 Seu d'Urgell\t\t\t\t\t\t<\/span>\n\t\t\t\t\t<\/h3>\n\t\t\t\t\n\t\t\t\t\t\t\t\t\t<p class=\"elementor-icon-box-description\">\n\t\t\t\t\t\tCarrer Estudis, 1\n<br>\n25700 La Seu d'Urgell<br><br><hr><br>\n<a href=\"mailto:laseu@servigestbarberan.es\">laseu@servigestbarberan.es<\/a>\n<br>\nTel. <a href=\"tel:+34972283109\">972 28 3109<\/a>\t\t\t\t\t<\/p>\n\t\t\t\t\n\t\t\t<\/div>\n\t\t\t\n\t\t<\/div>\n\t\t\t\t\t\t<\/div>\n\t\t\t\t<\/div>\n\t\t\t\t<\/div>\n\t\t\t\t<\/div>\n\t\t\t\t\t<\/div>\n\t\t\t\t<\/div>\n\t\t\t\t<\/div>\n\t\t","protected":false},"excerpt":{"rendered":"<p>Delegaci\u00f3 Puigcerd\u00e0 PLACETA DELS BOMBERS, 13 A-B 17520 PUIGCERDA, GIRONA. puigcerda@servigestbarberan.es Tel. 972 28 3109 Delegaci\u00f3 Badalona C\/ ROGER DE FLOR 152, BX 08911 BADALONA, BARCELONA badalona@servigestbarberan.es Tel. 933 874 790 Delegaci\u00f3 Seu d&#8217;Urgell Carrer Estudis, 1 25700 La Seu d&#8217;Urgell laseu@servigestbarberan.es Tel. 972 28 3109<\/p>\n","protected":false},"author":2,"featured_media":0,"parent":0,"menu_order":0,"comment_status":"closed","ping_status":"closed","template":"","meta":{"footnotes":""},"class_list":["post-29","page","type-page","status-publish","hentry"],"yoast_head":"<!-- This site is optimized with the Yoast SEO plugin v28.4 - https:\/\/yoast.com\/product\/yoast-seo-wordpress\/ -->\n<title>Contactar - Servigest Barberan<\/title>\n<meta name=\"description\" content=\"Contacta amb Servigest Barberan. Delegacions a Puigcerd\u00e0 (972 28 31 09), la Seu d&#039;Urgell (973 35 35 55) i Badalona (933 87 47 90).\" \/>\n<meta name=\"robots\" content=\"index, follow, max-snippet:-1, max-image-preview:large, max-video-preview:-1\" \/>\n<link rel=\"canonical\" href=\"https:\/\/servigestbarberan.es\/cat\/contactar\/\" \/>\n<meta property=\"og:locale\" content=\"ca_ES\" \/>\n<meta property=\"og:type\" content=\"article\" \/>\n<meta property=\"og:title\" content=\"Contactar - Servigest Barberan\" \/>\n<meta property=\"og:description\" content=\"Contacta amb Servigest Barberan. Delegacions a Puigcerd\u00e0 (972 28 31 09), la Seu d&#039;Urgell (973 35 35 55) i Badalona (933 87 47 90).\" \/>\n<meta property=\"og:url\" content=\"https:\/\/servigestbarberan.es\/cat\/contactar\/\" \/>\n<meta property=\"og:site_name\" content=\"Servigest Barberan\" \/>\n<meta property=\"article:modified_time\" content=\"2026-08-14T06:54:02+00:00\" \/>\n<meta name=\"twitter:card\" content=\"summary_large_image\" \/>\n<meta name=\"twitter:label1\" content=\"Temps estimat de lectura\" \/>\n\t<meta name=\"twitter:data1\" content=\"1 minut\" \/>\n<script type=\"application\/ld+json\" class=\"yoast-schema-graph\">{\"@context\":\"https:\\\/\\\/schema.org\",\"@graph\":[{\"@type\":\"WebPage\",\"@id\":\"https:\\\/\\\/servigestbarberan.es\\\/cat\\\/contactar\\\/\",\"url\":\"https:\\\/\\\/servigestbarberan.es\\\/cat\\\/contactar\\\/\",\"name\":\"Contactar - Servigest Barberan\",\"isPartOf\":{\"@id\":\"https:\\\/\\\/servigestbarberan.es\\\/cat\\\/#website\"},\"datePublished\":\"2021-06-29T08:06:16+00:00\",\"dateModified\":\"2026-08-14T06:54:02+00:00\",\"description\":\"Contacta amb Servigest Barberan. Delegacions a Puigcerd\u00e0 (972 28 31 09), la Seu d'Urgell (973 35 35 55) i Badalona (933 87 47 90).\",\"breadcrumb\":{\"@id\":\"https:\\\/\\\/servigestbarberan.es\\\/cat\\\/contactar\\\/#breadcrumb\"},\"inLanguage\":\"ca\",\"potentialAction\":[{\"@type\":\"ReadAction\",\"target\":[\"https:\\\/\\\/servigestbarberan.es\\\/cat\\\/contactar\\\/\"]}]},{\"@type\":\"BreadcrumbList\",\"@id\":\"https:\\\/\\\/servigestbarberan.es\\\/cat\\\/contactar\\\/#breadcrumb\",\"itemListElement\":[{\"@type\":\"ListItem\",\"position\":1,\"name\":\"Portada\",\"item\":\"https:\\\/\\\/servigestbarberan.es\\\/cat\\\/\"},{\"@type\":\"ListItem\",\"position\":2,\"name\":\"Contactar\"}]},{\"@type\":\"WebSite\",\"@id\":\"https:\\\/\\\/servigestbarberan.es\\\/cat\\\/#website\",\"url\":\"https:\\\/\\\/servigestbarberan.es\\\/cat\\\/\",\"name\":\"Servigest Barberan\",\"description\":\"Consultoria d&#039;empreses\",\"publisher\":{\"@id\":\"https:\\\/\\\/servigestbarberan.es\\\/cat\\\/#organization\"},\"potentialAction\":[{\"@type\":\"SearchAction\",\"target\":{\"@type\":\"EntryPoint\",\"urlTemplate\":\"https:\\\/\\\/servigestbarberan.es\\\/cat\\\/?s={search_term_string}\"},\"query-input\":{\"@type\":\"PropertyValueSpecification\",\"valueRequired\":true,\"valueName\":\"search_term_string\"}}],\"inLanguage\":\"ca\"},{\"@type\":\"Organization\",\"@id\":\"https:\\\/\\\/servigestbarberan.es\\\/cat\\\/#organization\",\"name\":\"Servigest Barberan\",\"url\":\"https:\\\/\\\/servigestbarberan.es\\\/cat\\\/\",\"logo\":{\"@type\":\"ImageObject\",\"inLanguage\":\"ca\",\"@id\":\"https:\\\/\\\/servigestbarberan.es\\\/cat\\\/#\\\/schema\\\/logo\\\/image\\\/\",\"url\":\"https:\\\/\\\/servigestbarberan.es\\\/cat\\\/wp-content\\\/uploads\\\/sites\\\/2\\\/2021\\\/06\\\/favicon.png\",\"contentUrl\":\"https:\\\/\\\/servigestbarberan.es\\\/cat\\\/wp-content\\\/uploads\\\/sites\\\/2\\\/2021\\\/06\\\/favicon.png\",\"width\":86,\"height\":117,\"caption\":\"Servigest Barberan\"},\"image\":{\"@id\":\"https:\\\/\\\/servigestbarberan.es\\\/cat\\\/#\\\/schema\\\/logo\\\/image\\\/\"},\"sameAs\":[\"https:\\\/\\\/www.linkedin.com\\\/company\\\/servigest-barberan\\\/\"]}]}<\/script>\n<!-- \/ Yoast SEO plugin. -->","yoast_head_json":{"title":"Contactar - Servigest Barberan","description":"Contacta amb Servigest Barberan. Delegacions a Puigcerd\u00e0 (972 28 31 09), la Seu d'Urgell (973 35 35 55) i Badalona (933 87 47 90).","robots":{"index":"index","follow":"follow","max-snippet":"max-snippet:-1","max-image-preview":"max-image-preview:large","max-video-preview":"max-video-preview:-1"},"canonical":"https:\/\/servigestbarberan.es\/cat\/contactar\/","og_locale":"ca_ES","og_type":"article","og_title":"Contactar - Servigest Barberan","og_description":"Contacta amb Servigest Barberan. Delegacions a Puigcerd\u00e0 (972 28 31 09), la Seu d'Urgell (973 35 35 55) i Badalona (933 87 47 90).","og_url":"https:\/\/servigestbarberan.es\/cat\/contactar\/","og_site_name":"Servigest Barberan","article_modified_time":"2026-08-14T06:54:02+00:00","twitter_card":"summary_large_image","twitter_misc":{"Temps estimat de lectura":"1 minut"},"schema":{"@context":"https:\/\/schema.org","@graph":[{"@type":"WebPage","@id":"https:\/\/servigestbarberan.es\/cat\/contactar\/","url":"https:\/\/servigestbarberan.es\/cat\/contactar\/","name":"Contactar - Servigest Barberan","isPartOf":{"@id":"https:\/\/servigestbarberan.es\/cat\/#website"},"datePublished":"2021-06-29T08:06:16+00:00","dateModified":"2026-08-14T06:54:02+00:00","description":"Contacta amb Servigest Barberan. Delegacions a Puigcerd\u00e0 (972 28 31 09), la Seu d'Urgell (973 35 35 55) i Badalona (933 87 47 90).","breadcrumb":{"@id":"https:\/\/servigestbarberan.es\/cat\/contactar\/#breadcrumb"},"inLanguage":"ca","potentialAction":[{"@type":"ReadAction","target":["https:\/\/servigestbarberan.es\/cat\/contactar\/"]}]},{"@type":"BreadcrumbList","@id":"https:\/\/servigestbarberan.es\/cat\/contactar\/#breadcrumb","itemListElement":[{"@type":"ListItem","position":1,"name":"Portada","item":"https:\/\/servigestbarberan.es\/cat\/"},{"@type":"ListItem","position":2,"name":"Contactar"}]},{"@type":"WebSite","@id":"https:\/\/servigestbarberan.es\/cat\/#website","url":"https:\/\/servigestbarberan.es\/cat\/","name":"Servigest Barberan","description":"Consultoria d&#039;empreses","publisher":{"@id":"https:\/\/servigestbarberan.es\/cat\/#organization"},"potentialAction":[{"@type":"SearchAction","target":{"@type":"EntryPoint","urlTemplate":"https:\/\/servigestbarberan.es\/cat\/?s={search_term_string}"},"query-input":{"@type":"PropertyValueSpecification","valueRequired":true,"valueName":"search_term_string"}}],"inLanguage":"ca"},{"@type":"Organization","@id":"https:\/\/servigestbarberan.es\/cat\/#organization","name":"Servigest Barberan","url":"https:\/\/servigestbarberan.es\/cat\/","logo":{"@type":"ImageObject","inLanguage":"ca","@id":"https:\/\/servigestbarberan.es\/cat\/#\/schema\/logo\/image\/","url":"https:\/\/servigestbarberan.es\/cat\/wp-content\/uploads\/sites\/2\/2021\/06\/favicon.png","contentUrl":"https:\/\/servigestbarberan.es\/cat\/wp-content\/uploads\/sites\/2\/2021\/06\/favicon.png","width":86,"height":117,"caption":"Servigest Barberan"},"image":{"@id":"https:\/\/servigestbarberan.es\/cat\/#\/schema\/logo\/image\/"},"sameAs":["https:\/\/www.linkedin.com\/company\/servigest-barberan\/"]}]}},"_links":{"self":[{"href":"https:\/\/servigestbarberan.es\/cat\/wp-json\/wp\/v2\/pages\/29","targetHints":{"allow":["GET"]}}],"collection":[{"href":"https:\/\/servigestbarberan.es\/cat\/wp-json\/wp\/v2\/pages"}],"about":[{"href":"https:\/\/servigestbarberan.es\/cat\/wp-json\/wp\/v2\/types\/page"}],"author":[{"embeddable":true,"href":"https:\/\/servigestbarberan.es\/cat\/wp-json\/wp\/v2\/users\/2"}],"replies":[{"embeddable":true,"href":"https:\/\/servigestbarberan.es\/cat\/wp-json\/wp\/v2\/comments?post=29"}],"version-history":[{"count":0,"href":"https:\/\/servigestbarberan.es\/cat\/wp-json\/wp\/v2\/pages\/29\/revisions"}],"wp:attachment":[{"href":"https:\/\/servigestbarberan.es\/cat\/wp-json\/wp\/v2\/media?parent=29"}],"curies":[{"name":"wp","href":"https:\/\/api.w.org\/{rel}","templated":true}]}}