{"id":251,"date":"2023-08-28T12:59:51","date_gmt":"2023-08-28T12:59:51","guid":{"rendered":"https:\/\/servigestbarberan.es\/?page_id=251"},"modified":"2025-01-10T18:36:17","modified_gmt":"2025-01-10T18:36:17","slug":"nosaltres","status":"publish","type":"page","link":"https:\/\/servigestbarberan.es\/cat\/nosaltres\/","title":{"rendered":"Nosaltres"},"content":{"rendered":"\t\t<div data-elementor-type=\"wp-page\" data-elementor-id=\"251\" class=\"elementor elementor-251\" data-elementor-post-type=\"page\">\n\t\t\t\t<div class=\"elementor-element elementor-element-0f20ff2 e-flex e-con-boxed e-con e-parent\" data-id=\"0f20ff2\" data-element_type=\"container\" data-e-type=\"container\" data-settings=\"{&quot;background_background&quot;:&quot;classic&quot;}\">\n\t\t\t\t\t<div class=\"e-con-inner\">\n\t\t\t\t<div class=\"elementor-element elementor-element-9a491c1 elementor-widget elementor-widget-heading\" data-id=\"9a491c1\" data-element_type=\"widget\" data-e-type=\"widget\" data-widget_type=\"heading.default\">\n\t\t\t\t<div class=\"elementor-widget-container\">\n\t\t\t\t\t<h1 class=\"elementor-heading-title elementor-size-default\">Nosaltres<\/h1>\t\t\t\t<\/div>\n\t\t\t\t<\/div>\n\t\t\t\t\t<\/div>\n\t\t\t\t<\/div>\n\t\t<div class=\"elementor-element elementor-element-12e3032 e-flex e-con-boxed e-con e-parent\" data-id=\"12e3032\" data-element_type=\"container\" data-e-type=\"container\" data-settings=\"{&quot;background_background&quot;:&quot;classic&quot;}\">\n\t\t\t\t\t<div class=\"e-con-inner\">\n\t\t\t\t<div class=\"elementor-element elementor-element-9571853 elementor-widget elementor-widget-heading\" data-id=\"9571853\" data-element_type=\"widget\" data-e-type=\"widget\" data-widget_type=\"heading.default\">\n\t\t\t\t<div class=\"elementor-widget-container\">\n\t\t\t\t\t<span class=\"elementor-heading-title elementor-size-default\">\u2018Ajudar \u00e9s una vocaci\u00f3 i millorar una necessitat. El m\u00f3n est\u00e0 en constant moviment. La\nformaci\u00f3 i l\u2019adaptaci\u00f3 son les eines per controlar el canvi\u2019.<\/span>\t\t\t\t<\/div>\n\t\t\t\t<\/div>\n\t\t\t\t\t<\/div>\n\t\t\t\t<\/div>\n\t\t<div class=\"elementor-element elementor-element-c7aa827 e-flex e-con-boxed e-con e-parent\" data-id=\"c7aa827\" data-element_type=\"container\" data-e-type=\"container\">\n\t\t\t\t\t<div class=\"e-con-inner\">\n\t\t\t\t<div class=\"elementor-element elementor-element-2fb1ac1 elementor-cta--layout-image-left elementor-cta--mobile-layout-image-above elementor-cta--skin-classic elementor-animated-content elementor-widget elementor-widget-call-to-action\" data-id=\"2fb1ac1\" data-element_type=\"widget\" data-e-type=\"widget\" data-widget_type=\"call-to-action.default\">\n\t\t\t\t<div class=\"elementor-widget-container\">\n\t\t\t\t\t\t\t<div class=\"elementor-cta\">\n\t\t\t\t\t<div class=\"elementor-cta__bg-wrapper\">\n\t\t\t\t<div class=\"elementor-cta__bg elementor-bg\" style=\"background-image: url(https:\/\/servigestbarberan.es\/cat\/wp-content\/uploads\/sites\/2\/2023\/08\/presentacio-despatx-1024x683.jpg);\" role=\"img\" aria-label=\"presentacio\u0301-despatx\"><\/div>\n\t\t\t\t<div class=\"elementor-cta__bg-overlay\"><\/div>\n\t\t\t<\/div>\n\t\t\t\t\t\t\t<div class=\"elementor-cta__content\">\n\t\t\t\t\n\t\t\t\t\t\t\t\t\t<h2 class=\"elementor-cta__title elementor-cta__content-item elementor-content-item\">\n\t\t\t\t\t\tPresentaci\u00f3\t\t\t\t\t<\/h2>\n\t\t\t\t\n\t\t\t\t\t\t\t\t\t<div class=\"elementor-cta__description elementor-cta__content-item elementor-content-item\">\n\t\t\t\t\t\tServigest Barberan, S.L. \u00e9s un despatx professional, dedicat a l\u2019assessorament, la consultoria i l\u2019acompanyament dels clients en la consecuci\u00f3 dels seus objectius empresarials i professionals.<p><br>\nDisposem de dues seus situades a Badalona i a Puigcerd\u00e0, des d\u2019on posem a disposici\u00f3 les nostres instal\u00b7lacions i els nostres recursos per donar el m\u00e0xim suport i cobertura a les necessitats dels nostres clients.<p><br>\nLa relaci\u00f3 entre el despatx i els nostres clients \u00e9s constant i fluida, oferint una disposici\u00f3 i un acc\u00e9s al nostre equip de professionals com un fet diferencial, aix\u00ed com el rigor, la serietat, la pro activitat i la honestedat com a caracter\u00edstiques de la nostre filosofia de treball.<p><br>\nDes de Servigest Barberan el client obtindr\u00e0 respostes a les seves necessitats. El nostre equip realitza un proc\u00e9s de recerca per oferir i presentar la millor soluci\u00f3.<p><br>\nLa orientaci\u00f3 din\u00e0mica del despatx, genera una permanent innovaci\u00f3 en sistemes de treball i en la formaci\u00f3 continua del nostre equip per tal de adaptar-nos als constants canvis de l\u2019entorn empresarial i els seus condicionants.<p><br>\nServigest Barberan cerca la millor forma d\u2019aportar valor al nostre client a trav\u00e9s dels nostres serveis, els quals pretenen dur la consultoria professional al mon de la petita i mitjana empresa.<p><br>\nL\u2019\u00e0mbit d\u2019actuaci\u00f3 del despatx s\u2019est\u00e9n des de la zona de Barcelona, la Cerdanya i la Cerdanya Francesa. \n\t\t\t\t\t<\/div>\n\t\t\t\t\n\t\t\t\t\t\t\t<\/div>\n\t\t\t\t\t\t<\/div>\n\t\t\t\t\t\t<\/div>\n\t\t\t\t<\/div>\n\t\t\t\t<div class=\"elementor-element elementor-element-733b1d8 elementor-cta--layout-image-right elementor-cta--mobile-layout-image-above elementor-cta--skin-classic elementor-animated-content elementor-widget elementor-widget-call-to-action\" data-id=\"733b1d8\" data-element_type=\"widget\" data-e-type=\"widget\" data-widget_type=\"call-to-action.default\">\n\t\t\t\t<div class=\"elementor-widget-container\">\n\t\t\t\t\t\t\t<div class=\"elementor-cta\">\n\t\t\t\t\t<div class=\"elementor-cta__bg-wrapper\">\n\t\t\t\t<div class=\"elementor-cta__bg elementor-bg\" style=\"background-image: url(https:\/\/servigestbarberan.es\/cat\/wp-content\/uploads\/sites\/2\/2024\/10\/2024_10_4_Servigest_0127_J2A0497-0-2-1024x528.webp);\" role=\"img\" aria-label=\"2024_10_4_Servigest_0127_J2A0497-0\"><\/div>\n\t\t\t\t<div class=\"elementor-cta__bg-overlay\"><\/div>\n\t\t\t<\/div>\n\t\t\t\t\t\t\t<div class=\"elementor-cta__content\">\n\t\t\t\t\n\t\t\t\t\t\t\t\t\t<h2 class=\"elementor-cta__title elementor-cta__content-item elementor-content-item\">\n\t\t\t\t\t\tEquip\t\t\t\t\t<\/h2>\n\t\t\t\t\n\t\t\t\t\t\t\t\t\t<div class=\"elementor-cta__description elementor-cta__content-item elementor-content-item\">\n\t\t\t\t\t\tL\u2019equip de treball de Servigest Barberan es composa de professionals amb una clara vocaci\u00f3 al servei per tal de cobrir aquelles necessitats que el client sol\u00b7liciti, adaptant\u2010se a cada necessitat, i buscant processos de millora constant.<p><br>\nPersones que ajuden a persones, aquesta \u00e9s la nostre filosofia de treball. Entenem que la proximitat, el contacte, el valor afegit, l\u2019acompanyament i compartir esfor\u00e7os i objectius, ens situen en el cam\u00ed del \u00e8xit juntament amb els nostre clients.<p><br>\nSom diferents, som propers, som el que fem. Tenim inquietuds per fer dels nostres clients, els nostres reptes. Volem ajudar\u2010vos i forma part del vostre \u00e8xit. Som un equip unit i preparat per formar part dels vostres projectes.\n\t\t\t\t\t<\/div>\n\t\t\t\t\n\t\t\t\t\t\t\t<\/div>\n\t\t\t\t\t\t<\/div>\n\t\t\t\t\t\t<\/div>\n\t\t\t\t<\/div>\n\t\t\t\t<div class=\"elementor-element elementor-element-7cb0b56 elementor-cta--layout-image-left elementor-cta--mobile-layout-image-above elementor-cta--skin-classic elementor-animated-content elementor-widget elementor-widget-call-to-action\" data-id=\"7cb0b56\" data-element_type=\"widget\" data-e-type=\"widget\" data-widget_type=\"call-to-action.default\">\n\t\t\t\t<div class=\"elementor-widget-container\">\n\t\t\t\t\t\t\t<div class=\"elementor-cta\">\n\t\t\t\t\t<div class=\"elementor-cta__bg-wrapper\">\n\t\t\t\t<div class=\"elementor-cta__bg elementor-bg\" style=\"background-image: url(https:\/\/servigestbarberan.es\/cat\/wp-content\/uploads\/sites\/2\/2024\/03\/La-transformacio-digital-un-pilar-essencial-per-als-despatxos-professionals-1024x683.jpg);\" role=\"img\" aria-label=\"La transformaci\u00f3 digital, un pilar essencial per als despatxos professionals\"><\/div>\n\t\t\t\t<div class=\"elementor-cta__bg-overlay\"><\/div>\n\t\t\t<\/div>\n\t\t\t\t\t\t\t<div class=\"elementor-cta__content\">\n\t\t\t\t\n\t\t\t\t\t\t\t\t\t<h2 class=\"elementor-cta__title elementor-cta__content-item elementor-content-item\">\n\t\t\t\t\t\tCom ho fem?\t\t\t\t\t<\/h2>\n\t\t\t\t\n\t\t\t\t\t\t\t\t\t<div class=\"elementor-cta__description elementor-cta__content-item elementor-content-item\">\n\t\t\t\t\t\tA Servigest Barberan establim metodologies de treball conjuntes amb els nostres clients, reforcem i millorem les relacions empresarials, generant confian\u00e7a i ens encaminem cap al \u00e8xit compartit. <p><br>\nLa comunicaci\u00f3 \u00e9s constant i la informaci\u00f3 \u00e9s vital.<p><br>Treballem per satisfer necessitats, ajudar i solucionar inconvenients i entrebancs, orientar i millorar els processos de treball i la presa de decisions, definir, controlar i assolir els objectius.\n\t\t\t\t\t<\/div>\n\t\t\t\t\n\t\t\t\t\t\t\t<\/div>\n\t\t\t\t\t\t<\/div>\n\t\t\t\t\t\t<\/div>\n\t\t\t\t<\/div>\n\t\t\t\t<div class=\"elementor-element elementor-element-b156487 elementor-cta--layout-image-right elementor-cta--mobile-layout-image-above elementor-cta--skin-classic elementor-animated-content elementor-widget elementor-widget-call-to-action\" data-id=\"b156487\" data-element_type=\"widget\" data-e-type=\"widget\" data-widget_type=\"call-to-action.default\">\n\t\t\t\t<div class=\"elementor-widget-container\">\n\t\t\t\t\t\t\t<div class=\"elementor-cta\">\n\t\t\t\t\t<div class=\"elementor-cta__bg-wrapper\">\n\t\t\t\t<div class=\"elementor-cta__bg elementor-bg\" style=\"background-image: url(https:\/\/servigestbarberan.es\/cat\/wp-content\/uploads\/sites\/2\/2023\/08\/2023_04_25_Servigest-Web_W2A5482-1024x683.jpg);\" role=\"img\" aria-label=\"2023_04_25_Servigest-Web_W2A5482\"><\/div>\n\t\t\t\t<div class=\"elementor-cta__bg-overlay\"><\/div>\n\t\t\t<\/div>\n\t\t\t\t\t\t\t<div class=\"elementor-cta__content\">\n\t\t\t\t\n\t\t\t\t\t\t\t\t\t<h2 class=\"elementor-cta__title elementor-cta__content-item elementor-content-item\">\n\t\t\t\t\t\tPer qu\u00e8?\t\t\t\t\t<\/h2>\n\t\t\t\t\n\t\t\t\t\t\t\t\t\t<div class=\"elementor-cta__description elementor-cta__content-item elementor-content-item\">\n\t\t\t\t\t\tA SERVIGEST BARBERAN volem ajudar a assolir somnis empresarials, volem caminar junts amb els nostres clients per aconseguir l'\u00e8xit personal o professional.<p><br>\nEs per aix\u00f2 que treballem com un departament m\u00e9s del client, podent cobrir \u00e0rees com les administratives, recursos humans, comercials, estrat\u00e8giques, financeres i de direcci\u00f3, pensant en la millor forma d\u2019assolir els reptes que persegueix.\n\t\t\t\t\t<\/div>\n\t\t\t\t\n\t\t\t\t\t\t\t<\/div>\n\t\t\t\t\t\t<\/div>\n\t\t\t\t\t\t<\/div>\n\t\t\t\t<\/div>\n\t\t\t\t\t<\/div>\n\t\t\t\t<\/div>\n\t\t<div class=\"elementor-element elementor-element-7d62492 e-flex e-con-boxed e-con e-parent\" data-id=\"7d62492\" data-element_type=\"container\" data-e-type=\"container\">\n\t\t\t\t\t<div class=\"e-con-inner\">\n\t\t\t\t<div class=\"elementor-element elementor-element-a0828d7 elementor-widget elementor-widget-image\" data-id=\"a0828d7\" data-element_type=\"widget\" data-e-type=\"widget\" data-widget_type=\"image.default\">\n\t\t\t\t<div class=\"elementor-widget-container\">\n\t\t\t\t\t\t\t\t\t\t\t\t\t\t\t<img fetchpriority=\"high\" decoding=\"async\" width=\"800\" height=\"566\" src=\"https:\/\/servigestbarberan.es\/cat\/wp-content\/uploads\/sites\/2\/2023\/11\/pdr-2022-1024x724.jpg\" class=\"attachment-large size-large wp-image-797\" alt=\"\" srcset=\"https:\/\/servigestbarberan.es\/cat\/wp-content\/uploads\/sites\/2\/2023\/11\/pdr-2022-1024x724.jpg 1024w, https:\/\/servigestbarberan.es\/cat\/wp-content\/uploads\/sites\/2\/2023\/11\/pdr-2022-300x212.jpg 300w, https:\/\/servigestbarberan.es\/cat\/wp-content\/uploads\/sites\/2\/2023\/11\/pdr-2022-768x543.jpg 768w, https:\/\/servigestbarberan.es\/cat\/wp-content\/uploads\/sites\/2\/2023\/11\/pdr-2022-1536x1086.jpg 1536w, https:\/\/servigestbarberan.es\/cat\/wp-content\/uploads\/sites\/2\/2023\/11\/pdr-2022-2048x1448.jpg 2048w\" sizes=\"(max-width: 800px) 100vw, 800px\" \/>\t\t\t\t\t\t\t\t\t\t\t\t\t\t\t<\/div>\n\t\t\t\t<\/div>\n\t\t\t\t\t<\/div>\n\t\t\t\t<\/div>\n\t\t\t\t<\/div>\n\t\t","protected":false},"excerpt":{"rendered":"<p>\u2018Ajudar \u00e9s una vocaci\u00f3 i millorar una necessitat. El m\u00f3n est\u00e0 en constant moviment. La formaci\u00f3 i l\u2019adaptaci\u00f3 son les eines per controlar el canvi\u2019. Presentaci\u00f3 Servigest Barberan, S.L. \u00e9s un despatx professional, dedicat a l\u2019assessorament, la consultoria i l\u2019acompanyament dels clients en la consecuci\u00f3 dels seus objectius empresarials i professionals. Disposem de dues seus [&hellip;]<\/p>\n","protected":false},"author":2,"featured_media":0,"parent":0,"menu_order":0,"comment_status":"closed","ping_status":"closed","template":"","meta":{"footnotes":""},"class_list":["post-251","page","type-page","status-publish","hentry"],"yoast_head":"<!-- This site is optimized with the Yoast SEO plugin v27.5 - https:\/\/yoast.com\/product\/yoast-seo-wordpress\/ -->\n<title>Nosaltres - Servigest barberan CAT<\/title>\n<meta name=\"robots\" content=\"index, follow, max-snippet:-1, max-image-preview:large, max-video-preview:-1\" \/>\n<link rel=\"canonical\" href=\"https:\/\/servigestbarberan.es\/cat\/nosaltres\/\" \/>\n<meta property=\"og:locale\" content=\"ca_ES\" \/>\n<meta property=\"og:type\" content=\"article\" \/>\n<meta property=\"og:title\" content=\"Nosaltres - Servigest barberan CAT\" \/>\n<meta property=\"og:description\" content=\"\u2018Ajudar \u00e9s una vocaci\u00f3 i millorar una necessitat. El m\u00f3n est\u00e0 en constant moviment. La formaci\u00f3 i l\u2019adaptaci\u00f3 son les eines per controlar el canvi\u2019. Presentaci\u00f3 Servigest Barberan, S.L. \u00e9s un despatx professional, dedicat a l\u2019assessorament, la consultoria i l\u2019acompanyament dels clients en la consecuci\u00f3 dels seus objectius empresarials i professionals. Disposem de dues seus [&hellip;]\" \/>\n<meta property=\"og:url\" content=\"https:\/\/servigestbarberan.es\/cat\/nosaltres\/\" \/>\n<meta property=\"og:site_name\" content=\"Servigest barberan CAT\" \/>\n<meta property=\"article:modified_time\" content=\"2025-01-10T18:36:17+00:00\" \/>\n<meta property=\"og:image\" content=\"https:\/\/servigestbarberan.es\/cat\/wp-content\/uploads\/sites\/2\/2023\/11\/pdr-2022-1024x724.jpg\" \/>\n<meta name=\"twitter:card\" content=\"summary_large_image\" \/>\n<meta name=\"twitter:label1\" content=\"Temps estimat de lectura\" \/>\n\t<meta name=\"twitter:data1\" content=\"3 minuts\" \/>\n<script type=\"application\/ld+json\" class=\"yoast-schema-graph\">{\"@context\":\"https:\\\/\\\/schema.org\",\"@graph\":[{\"@type\":\"WebPage\",\"@id\":\"https:\\\/\\\/servigestbarberan.es\\\/cat\\\/nosaltres\\\/\",\"url\":\"https:\\\/\\\/servigestbarberan.es\\\/cat\\\/nosaltres\\\/\",\"name\":\"Nosaltres - Servigest barberan CAT\",\"isPartOf\":{\"@id\":\"https:\\\/\\\/servigestbarberan.es\\\/cat\\\/#website\"},\"primaryImageOfPage\":{\"@id\":\"https:\\\/\\\/servigestbarberan.es\\\/cat\\\/nosaltres\\\/#primaryimage\"},\"image\":{\"@id\":\"https:\\\/\\\/servigestbarberan.es\\\/cat\\\/nosaltres\\\/#primaryimage\"},\"thumbnailUrl\":\"https:\\\/\\\/servigestbarberan.es\\\/cat\\\/wp-content\\\/uploads\\\/sites\\\/2\\\/2023\\\/11\\\/pdr-2022-1024x724.jpg\",\"datePublished\":\"2023-08-28T12:59:51+00:00\",\"dateModified\":\"2025-01-10T18:36:17+00:00\",\"breadcrumb\":{\"@id\":\"https:\\\/\\\/servigestbarberan.es\\\/cat\\\/nosaltres\\\/#breadcrumb\"},\"inLanguage\":\"ca\",\"potentialAction\":[{\"@type\":\"ReadAction\",\"target\":[\"https:\\\/\\\/servigestbarberan.es\\\/cat\\\/nosaltres\\\/\"]}]},{\"@type\":\"ImageObject\",\"inLanguage\":\"ca\",\"@id\":\"https:\\\/\\\/servigestbarberan.es\\\/cat\\\/nosaltres\\\/#primaryimage\",\"url\":\"https:\\\/\\\/servigestbarberan.es\\\/cat\\\/wp-content\\\/uploads\\\/sites\\\/2\\\/2023\\\/11\\\/pdr-2022.jpg\",\"contentUrl\":\"https:\\\/\\\/servigestbarberan.es\\\/cat\\\/wp-content\\\/uploads\\\/sites\\\/2\\\/2023\\\/11\\\/pdr-2022.jpg\",\"width\":2482,\"height\":1755},{\"@type\":\"BreadcrumbList\",\"@id\":\"https:\\\/\\\/servigestbarberan.es\\\/cat\\\/nosaltres\\\/#breadcrumb\",\"itemListElement\":[{\"@type\":\"ListItem\",\"position\":1,\"name\":\"Portada\",\"item\":\"https:\\\/\\\/servigestbarberan.es\\\/cat\\\/\"},{\"@type\":\"ListItem\",\"position\":2,\"name\":\"Nosaltres\"}]},{\"@type\":\"WebSite\",\"@id\":\"https:\\\/\\\/servigestbarberan.es\\\/cat\\\/#website\",\"url\":\"https:\\\/\\\/servigestbarberan.es\\\/cat\\\/\",\"name\":\"Servigest barberan CAT\",\"description\":\"Consultoria d&#039;empreses\",\"publisher\":{\"@id\":\"https:\\\/\\\/servigestbarberan.es\\\/cat\\\/#organization\"},\"potentialAction\":[{\"@type\":\"SearchAction\",\"target\":{\"@type\":\"EntryPoint\",\"urlTemplate\":\"https:\\\/\\\/servigestbarberan.es\\\/cat\\\/?s={search_term_string}\"},\"query-input\":{\"@type\":\"PropertyValueSpecification\",\"valueRequired\":true,\"valueName\":\"search_term_string\"}}],\"inLanguage\":\"ca\"},{\"@type\":\"Organization\",\"@id\":\"https:\\\/\\\/servigestbarberan.es\\\/cat\\\/#organization\",\"name\":\"Servigest barberan CAT\",\"url\":\"https:\\\/\\\/servigestbarberan.es\\\/cat\\\/\",\"logo\":{\"@type\":\"ImageObject\",\"inLanguage\":\"ca\",\"@id\":\"https:\\\/\\\/servigestbarberan.es\\\/cat\\\/#\\\/schema\\\/logo\\\/image\\\/\",\"url\":\"https:\\\/\\\/servigestbarberan.es\\\/cat\\\/wp-content\\\/uploads\\\/sites\\\/2\\\/2021\\\/06\\\/favicon.png\",\"contentUrl\":\"https:\\\/\\\/servigestbarberan.es\\\/cat\\\/wp-content\\\/uploads\\\/sites\\\/2\\\/2021\\\/06\\\/favicon.png\",\"width\":86,\"height\":117,\"caption\":\"Servigest barberan CAT\"},\"image\":{\"@id\":\"https:\\\/\\\/servigestbarberan.es\\\/cat\\\/#\\\/schema\\\/logo\\\/image\\\/\"},\"sameAs\":[\"https:\\\/\\\/www.linkedin.com\\\/company\\\/servigest-barberan\\\/\"]}]}<\/script>\n<!-- \/ Yoast SEO plugin. -->","yoast_head_json":{"title":"Nosaltres - Servigest barberan CAT","robots":{"index":"index","follow":"follow","max-snippet":"max-snippet:-1","max-image-preview":"max-image-preview:large","max-video-preview":"max-video-preview:-1"},"canonical":"https:\/\/servigestbarberan.es\/cat\/nosaltres\/","og_locale":"ca_ES","og_type":"article","og_title":"Nosaltres - Servigest barberan CAT","og_description":"\u2018Ajudar \u00e9s una vocaci\u00f3 i millorar una necessitat. El m\u00f3n est\u00e0 en constant moviment. La formaci\u00f3 i l\u2019adaptaci\u00f3 son les eines per controlar el canvi\u2019. Presentaci\u00f3 Servigest Barberan, S.L. \u00e9s un despatx professional, dedicat a l\u2019assessorament, la consultoria i l\u2019acompanyament dels clients en la consecuci\u00f3 dels seus objectius empresarials i professionals. Disposem de dues seus [&hellip;]","og_url":"https:\/\/servigestbarberan.es\/cat\/nosaltres\/","og_site_name":"Servigest barberan CAT","article_modified_time":"2025-01-10T18:36:17+00:00","og_image":[{"url":"https:\/\/servigestbarberan.es\/cat\/wp-content\/uploads\/sites\/2\/2023\/11\/pdr-2022-1024x724.jpg","type":"","width":"","height":""}],"twitter_card":"summary_large_image","twitter_misc":{"Temps estimat de lectura":"3 minuts"},"schema":{"@context":"https:\/\/schema.org","@graph":[{"@type":"WebPage","@id":"https:\/\/servigestbarberan.es\/cat\/nosaltres\/","url":"https:\/\/servigestbarberan.es\/cat\/nosaltres\/","name":"Nosaltres - Servigest barberan CAT","isPartOf":{"@id":"https:\/\/servigestbarberan.es\/cat\/#website"},"primaryImageOfPage":{"@id":"https:\/\/servigestbarberan.es\/cat\/nosaltres\/#primaryimage"},"image":{"@id":"https:\/\/servigestbarberan.es\/cat\/nosaltres\/#primaryimage"},"thumbnailUrl":"https:\/\/servigestbarberan.es\/cat\/wp-content\/uploads\/sites\/2\/2023\/11\/pdr-2022-1024x724.jpg","datePublished":"2023-08-28T12:59:51+00:00","dateModified":"2025-01-10T18:36:17+00:00","breadcrumb":{"@id":"https:\/\/servigestbarberan.es\/cat\/nosaltres\/#breadcrumb"},"inLanguage":"ca","potentialAction":[{"@type":"ReadAction","target":["https:\/\/servigestbarberan.es\/cat\/nosaltres\/"]}]},{"@type":"ImageObject","inLanguage":"ca","@id":"https:\/\/servigestbarberan.es\/cat\/nosaltres\/#primaryimage","url":"https:\/\/servigestbarberan.es\/cat\/wp-content\/uploads\/sites\/2\/2023\/11\/pdr-2022.jpg","contentUrl":"https:\/\/servigestbarberan.es\/cat\/wp-content\/uploads\/sites\/2\/2023\/11\/pdr-2022.jpg","width":2482,"height":1755},{"@type":"BreadcrumbList","@id":"https:\/\/servigestbarberan.es\/cat\/nosaltres\/#breadcrumb","itemListElement":[{"@type":"ListItem","position":1,"name":"Portada","item":"https:\/\/servigestbarberan.es\/cat\/"},{"@type":"ListItem","position":2,"name":"Nosaltres"}]},{"@type":"WebSite","@id":"https:\/\/servigestbarberan.es\/cat\/#website","url":"https:\/\/servigestbarberan.es\/cat\/","name":"Servigest barberan CAT","description":"Consultoria d&#039;empreses","publisher":{"@id":"https:\/\/servigestbarberan.es\/cat\/#organization"},"potentialAction":[{"@type":"SearchAction","target":{"@type":"EntryPoint","urlTemplate":"https:\/\/servigestbarberan.es\/cat\/?s={search_term_string}"},"query-input":{"@type":"PropertyValueSpecification","valueRequired":true,"valueName":"search_term_string"}}],"inLanguage":"ca"},{"@type":"Organization","@id":"https:\/\/servigestbarberan.es\/cat\/#organization","name":"Servigest barberan CAT","url":"https:\/\/servigestbarberan.es\/cat\/","logo":{"@type":"ImageObject","inLanguage":"ca","@id":"https:\/\/servigestbarberan.es\/cat\/#\/schema\/logo\/image\/","url":"https:\/\/servigestbarberan.es\/cat\/wp-content\/uploads\/sites\/2\/2021\/06\/favicon.png","contentUrl":"https:\/\/servigestbarberan.es\/cat\/wp-content\/uploads\/sites\/2\/2021\/06\/favicon.png","width":86,"height":117,"caption":"Servigest barberan CAT"},"image":{"@id":"https:\/\/servigestbarberan.es\/cat\/#\/schema\/logo\/image\/"},"sameAs":["https:\/\/www.linkedin.com\/company\/servigest-barberan\/"]}]}},"_links":{"self":[{"href":"https:\/\/servigestbarberan.es\/cat\/wp-json\/wp\/v2\/pages\/251","targetHints":{"allow":["GET"]}}],"collection":[{"href":"https:\/\/servigestbarberan.es\/cat\/wp-json\/wp\/v2\/pages"}],"about":[{"href":"https:\/\/servigestbarberan.es\/cat\/wp-json\/wp\/v2\/types\/page"}],"author":[{"embeddable":true,"href":"https:\/\/servigestbarberan.es\/cat\/wp-json\/wp\/v2\/users\/2"}],"replies":[{"embeddable":true,"href":"https:\/\/servigestbarberan.es\/cat\/wp-json\/wp\/v2\/comments?post=251"}],"version-history":[{"count":0,"href":"https:\/\/servigestbarberan.es\/cat\/wp-json\/wp\/v2\/pages\/251\/revisions"}],"wp:attachment":[{"href":"https:\/\/servigestbarberan.es\/cat\/wp-json\/wp\/v2\/media?parent=251"}],"curies":[{"name":"wp","href":"https:\/\/api.w.org\/{rel}","templated":true}]}}